{"id":25,"date":"2013-03-26T18:43:34","date_gmt":"2013-03-26T18:43:34","guid":{"rendered":"https:\/\/ciutatmosaicterritorial.upc.edu\/?page_id=25"},"modified":"2014-07-21T12:28:08","modified_gmt":"2014-07-21T12:28:08","slug":"equip","status":"publish","type":"page","link":"https:\/\/ciutatmosaicterritorial.upc.edu\/?page_id=25","title":{"rendered":"Equip"},"content":{"rendered":"<div class=\"equip\">\n<h3>Membres de l&#8217;equip CMT<\/h3>\n<p>L&#8217;equip CMT, coordinat per Carles Llop Torn\u00e9, el formen joves investigadors i doctorands del Departament d&#8217;Urbanisme i Ordenaci\u00f3 del Territori de la UPC aix\u00ed com altres investigadors col\u00b7laboradors i becaris j\u00fanior, estudiants de l&#8217;ETSAV i d&#8217;altres universitats europees.\n<\/p><\/div>\n<h3>Coordinador:<\/h3>\n<p><span style=\"color: #ffffff;\">.<\/span><\/p>\n<p><strong>Carles LLOP TORN\u00c9<\/strong>, Doctor arquitecte, professor titular de l\u2019ETSAV i director del Departament d\u2019Urbanisme i Ordenaci\u00f3 del Territori de la UPC. Forma equip amb Sebasti\u00e0 Jornet i Joan Enric Pastor, formant\u00a0<a href=\"http:\/\/www.jornetlloppastor.blogspot.com\">JORNET-LLOP-PASTOR arquitectes<\/a>, despatx que desenvolupa plans territorials, urban\u00edstics i projectes urbans, alguns dels quals han estat premiats amb el Premi Europeu d\u2019Urbanisme (2010) pel Pla de Transformaci\u00f3 del barri de La Mina de Sant Adri\u00e0 del Bes\u00f2s ( Conseill \u00c9urop\u00e9en des Urbanistes (ECTP-CEU) i Comitee of Regions UE); el Premi Nacional d\u2019Urbanisme el 2006 (Espanya); el Premi Urbanisme de la XI Biennal Espanyola d\u2019Arquitectura i Urbanisme (2011)\u00a0 (Pla d\u2019Ordenaci\u00f3 Urban\u00edstica de Montmel\u00f3); o el VIII Premi d\u2019Urbanisme de Catalunya per la Modificaci\u00f3 del Pla de Tortosa al districte de Sant Jaume.<\/p>\n<p>De 2009 a 2012 va ser coordinador del Comit\u00e8 Cient\u00edfic de la UPC pel projecte europeu CREPUD MED; i actualment \u00e9s Investigador Principal i coordinador del Projecte d\u2019Investigaci\u00f3 Fonamental No Orientada (Plan Nacional i+D+I) amb el projecte \u201c<em>Ciudades, territorios metropolitanos y regiones urbanas eficientes: estrategias y propuestas de proyecto para la regeneraci\u00f3n de la ciudad_mosaico_territorial\u201d<\/em>.<\/p>\n<p><span style=\"color: #ffffff;\">.<\/span><\/p>\n<h3>Membres:<\/h3>\n<p><span style=\"color: #ffffff;\">.<\/span><\/p>\n<p><strong>Marta CARRASCO BONET<\/strong>, <a href=\"http:\/\/www.mixite.es\/marta\">arquitecta<\/a> i doctoranda a la Universitat Polit\u00e8cnica de Catalunya. \u00c9s investigadora en el Departament d\u2019Urbanisme i Ordenaci\u00f3 del Territori, formant part del comit\u00e8 cient\u00edfic del projecte europeu CREPUDMED, i actualment, de l\u2019equip de recerca del Projecte d\u2019Investigaci\u00f3 Fonamental No Orientada (Plan Nacional i+D+I) \u201c<em>Ciudades, territorios metropolitanos y regiones urbanas eficientes: estrategias y propuestas de proyecto para la regeneraci\u00f3n de la ciudad_mosaico_territorial\u201d<\/em>. Col\u00b7laboradora a l&#8217;asignatura d&#8217;Urban\u00edstica VIII i Paisatges Culturals de l&#8217;ETSAV des de 2012.<\/p>\n<p>Es fundadora de <a href=\"http:\/\/www.estudi.mixite.es\/\">Mixit\u00e9 Estudi Creatiu<\/a>, que desenvolupa projectes transversals en els \u00e0mbits de les arts, l&#8217;arquitectura, l&#8217;urbanisme i el paisatge; i co-fundadora i coordinadora del projecte interuniversitari <a href=\"http:\/\/www.inter-accions.org\">Inter-Accions<\/a>, realitzat en el marc de la Universitat de Barcelona (facultat de Belles Arts) i la Universitat Polit\u00e8cnica de Catalunya (ETSAV i ETSAB).<\/p>\n<p><a href=\"http:\/\/www.mixite.es\/marta\/sobre-mi\/\">Veure CV Marta Carrasco<\/a><\/p>\n<p><span style=\"color: #ffffff;\">.<\/span><\/p>\n<p><strong>KONSTANTINOS KOURKOUTAS<\/strong>, arquitecte i doctorand a la Universitat Polit\u00e8cnica de Catalunya. El 2012 obt\u00e9 la beca FI-AGAUR per realitzar la seva tesi doctoral. \u00c9s investigador en el Departament d\u2019Urbanisme i Ordenaci\u00f3 del Territori, formant part del comit\u00e8 cient\u00edfic del projecte europeu CREPUDMED, i actualment, de l\u2019equip de recerca del Projecte d\u2019Investigaci\u00f3 Fonamental No Orientada (Plan Nacional i+D+I) \u201c<em>Ciudades, territorios metropolitanos y regiones urbanas eficientes: estrategias y propuestas de proyecto para la regeneraci\u00f3n de la ciudad_mosaico_territorial\u201d<\/em>. Col\u00b7laborador a l&#8217;asignatura d&#8217;Urban\u00edstica VIII i Paisatges Culturals de l&#8217;ETSAV des de 2012.<\/p>\n<p><a href=\"http:\/\/www.linkedin.com\/profile\/view?id=83247390&#038;locale=es_ES&#038;trk=tyah\">Veure CV Konstantinos Kourkoutas<\/a><br \/>\n<span style=\"color: #ffffff;\">.<\/span><\/p>\n<p><strong>ARTURO CALDERON<\/strong>, arquitecte i doctorand a la Universitat Polit\u00e8cnica de Catalunya. El 2013 obt\u00e9 la beca FI-AGAUR per realitzar la seva tesi doctoral. \u00c9s investigador en el Departament d\u2019Urbanisme i Ordenaci\u00f3 del Territori, formant part de l\u2019equip de recerca del Projecte d\u2019Investigaci\u00f3 Fonamental No Orientada (Plan Nacional i+D+I) \u201c<em>Ciudades, territorios metropolitanos y regiones urbanas eficientes: estrategias y propuestas de proyecto para la regeneraci\u00f3n de la ciudad_mosaico_territorial\u201d<\/em>. Col\u00b7laborador a l&#8217;asignatura d&#8217;Urban\u00edstica VIII i Paisatges Culturals de l&#8217;ETSAV des de 2013.<\/p>\n<p><span style=\"color: #ffffff;\">.<\/span><\/p>\n<p><strong>XAVIER MATILLA<\/strong>, arquitecte. Des de l&#8217;any 2000 ha desenvolupat la seva activitat professional com a col\u00b7laborador del despatx Jornet-Llop-Pastor arquitectes, dirigint i participant en la redacci\u00f3 de projectes d&#8217;ordenaci\u00f3 urbana i planejament aix\u00ed com en diverses publicacions. L&#8217;any 2013 funda amb M\u00f2nica Beguer l&#8217;estudi Territoris XLM. \u00c9s professor associat i doctorand del Departament d&#8217;Urbanisme i Ordenaci\u00f3 del Territori a l&#8217;ETSAV. Ha estat professor convidat en diferents M\u00e0sters universitaris i ha impartit doc\u00e8ncia en diversos seminaris i cursos professionals. Ha estat redactor de l&#8217;Anuari Territorial de Catalunya de la Societat Catalana d&#8217;Ordenaci\u00f3 del Territori i des de l&#8217;any 2010 \u00e9s secretari de l&#8217;Agrupaci\u00f3 d&#8217;Arquitectes Urbanistes de Catalunya (AAUC) del Col\u00b7legi d&#8217;Arquitectes de Catalunya.<\/p>\n<p><span style=\"color: #ffffff;\">.<\/span><\/p>\n<p>COL\u00b7LABORADORS<\/p>\n<p><strong>SIMONA CERRI<\/strong> (Setembre 2013 &#8211; Mar\u00e7 2014). Arquitecta, Facultat d&#8217;Arquitectura de la Universitat de Ferrara.<br \/>\n<strong>SARA SERILLI<\/strong> (Mar\u00e7 &#8211; Juny 2014). Estudiant d&#8217;arquitectura, Architettura ad Alghero, Universit\u00e0 degli Studi di Sassari, Alghero.<br \/>\n<strong>ALDO ZOCCHEDDU<\/strong> (Mar\u00e7 &#8211; Setembre 2014). Estudiant d&#8217;arquitectura, Architettura ad Alghero, Universit\u00e0 degli Studi di Sassari, Alghero.<br \/>\n<strong>MARIA COLUCCI<\/strong> (Febrer &#8211; Octubre 2014). Enginyera, Facolt\u00e0 di Ingegneria, Universit\u00e0 della Calabria.<br \/>\n&nbsp;<\/p>\n","protected":false},"excerpt":{"rendered":"<p>Membres de l&#8217;equip CMT L&#8217;equip CMT, coordinat per Carles Llop Torn\u00e9, el formen joves investigadors i doctorands del Departament d&#8217;Urbanisme [&hellip;]<\/p>\n","protected":false},"author":1,"featured_media":0,"parent":0,"menu_order":0,"comment_status":"open","ping_status":"closed","template":"full-width.php","meta":[],"_links":{"self":[{"href":"https:\/\/ciutatmosaicterritorial.upc.edu\/index.php?rest_route=\/wp\/v2\/pages\/25"}],"collection":[{"href":"https:\/\/ciutatmosaicterritorial.upc.edu\/index.php?rest_route=\/wp\/v2\/pages"}],"about":[{"href":"https:\/\/ciutatmosaicterritorial.upc.edu\/index.php?rest_route=\/wp\/v2\/types\/page"}],"author":[{"embeddable":true,"href":"https:\/\/ciutatmosaicterritorial.upc.edu\/index.php?rest_route=\/wp\/v2\/users\/1"}],"replies":[{"embeddable":true,"href":"https:\/\/ciutatmosaicterritorial.upc.edu\/index.php?rest_route=%2Fwp%2Fv2%2Fcomments&post=25"}],"version-history":[{"count":19,"href":"https:\/\/ciutatmosaicterritorial.upc.edu\/index.php?rest_route=\/wp\/v2\/pages\/25\/revisions"}],"predecessor-version":[{"id":477,"href":"https:\/\/ciutatmosaicterritorial.upc.edu\/index.php?rest_route=\/wp\/v2\/pages\/25\/revisions\/477"}],"wp:attachment":[{"href":"https:\/\/ciutatmosaicterritorial.upc.edu\/index.php?rest_route=%2Fwp%2Fv2%2Fmedia&parent=25"}],"curies":[{"name":"wp","href":"https:\/\/api.w.org\/{rel}","templated":true}]}}